{"id":1147,"date":"2022-11-10T11:07:46","date_gmt":"2022-11-10T10:07:46","guid":{"rendered":"https:\/\/ph.bugesweb.eu\/activity\/"},"modified":"2023-01-11T15:14:06","modified_gmt":"2023-01-11T14:14:06","slug":"activity","status":"publish","type":"page","link":"https:\/\/www.plaveckyhrad.eu\/en\/activity\/","title":{"rendered":"Activity"},"content":{"rendered":"\n  <div class=\"banner has-hover\" id=\"banner-1289653627\">\n          <div class=\"banner-inner fill\">\n        <div class=\"banner-bg fill\" >\n            <div class=\"bg fill bg-fill \"><\/div>\n                        <div class=\"overlay\"><\/div>            \n                    <\/div>\n\t\t\n        <div class=\"banner-layers container\">\n            <div class=\"fill banner-link\"><\/div>            \n   <div id=\"text-box-953286522\" class=\"text-box banner-layer x50 md-x50 lg-x50 y50 md-y50 lg-y50 res-text\">\n                                <div class=\"text-box-content text dark\">\n              \n              <div class=\"text-inner text-center\">\n                  \n\t<div id=\"text-3995854878\" class=\"text\">\n\t\t\n<h1>Activity<\/h1>\n\t\t\n<style>\n#text-3995854878 {\n  font-size: 0.75rem;\n}\n<\/style>\n\t<\/div>\n\t\n              <\/div>\n           <\/div>\n                            \n<style>\n#text-box-953286522 {\n  width: 83%;\n}\n#text-box-953286522 .text-box-content {\n  font-size: 100%;\n}\n<\/style>\n    <\/div>\n \n        <\/div>\n      <\/div>\n\n            \n<style>\n#banner-1289653627 {\n  padding-top: 100%;\n}\n#banner-1289653627 .bg.bg-loaded {\n  background-image: url(https:\/\/www.plaveckyhrad.eu\/wp-content\/uploads\/Plavecky-hrad-aktivity.jpg);\n}\n#banner-1289653627 .overlay {\n  background-color: rgba(19, 19, 19, 0.622);\n}\n#banner-1289653627 .ux-shape-divider--top svg {\n  height: 150px;\n  --divider-top-width: 100%;\n}\n#banner-1289653627 .ux-shape-divider--bottom svg {\n  height: 150px;\n  --divider-width: 100%;\n}\n@media (min-width:550px) {\n  #banner-1289653627 {\n    padding-top: 35%;\n  }\n}\n<\/style>\n  <\/div>\n\n\n\t<section class=\"section\" id=\"section_362944392\">\n\t\t<div class=\"bg section-bg fill bg-fill  bg-loaded\" >\n\n\t\t\t\n\t\t\t\n\t\t\t\n\n\t\t<\/div>\n\n\t\t\n\n\t\t<div class=\"section-content relative\">\n\t\t\t\n\n  \n    <div class=\"row large-columns-3 medium-columns-1 small-columns-1 slider row-slider slider-nav-reveal slider-nav-push\"  data-flickity-options='{\"imagesLoaded\": true, \"groupCells\": \"100%\", \"dragThreshold\" : 5, \"cellAlign\": \"left\",\"wrapAround\": true,\"prevNextButtons\": true,\"percentPosition\": true,\"pageDots\": false, \"rightToLeft\": false, \"autoPlay\" : false}'>\n\n  <div class=\"col post-item\" >\n\t\t\t<div class=\"col-inner\">\n\t\t\t<a href=\"https:\/\/www.plaveckyhrad.eu\/en\/plavecky-hrad-rekonstrukcia-2023\/\" class=\"plain\">\n\t\t\t\t<div class=\"box box-normal box-text-bottom box-blog-post has-hover\">\n            \t\t\t\t\t<div class=\"box-image\" >\n  \t\t\t\t\t\t<div class=\"image-cover\" style=\"padding-top:56.25%;\">\n  \t\t\t\t\t\t\t<img width=\"1080\" height=\"2011\" src=\"https:\/\/www.plaveckyhrad.eu\/wp-content\/uploads\/porovnanie_renesancne_okno_palac_2023-2024.jpg\" class=\"attachment-original size-original wp-post-image\" alt=\"\" decoding=\"async\" loading=\"lazy\" srcset=\"https:\/\/www.plaveckyhrad.eu\/wp-content\/uploads\/porovnanie_renesancne_okno_palac_2023-2024.jpg 1080w, https:\/\/www.plaveckyhrad.eu\/wp-content\/uploads\/porovnanie_renesancne_okno_palac_2023-2024-161x300.jpg 161w, https:\/\/www.plaveckyhrad.eu\/wp-content\/uploads\/porovnanie_renesancne_okno_palac_2023-2024-550x1024.jpg 550w, https:\/\/www.plaveckyhrad.eu\/wp-content\/uploads\/porovnanie_renesancne_okno_palac_2023-2024-768x1430.jpg 768w, https:\/\/www.plaveckyhrad.eu\/wp-content\/uploads\/porovnanie_renesancne_okno_palac_2023-2024-825x1536.jpg 825w\" sizes=\"(max-width: 1080px) 100vw, 1080px\" \/>  \t\t\t\t\t\t\t  \t\t\t\t\t\t\t  \t\t\t\t\t\t<\/div>\n  \t\t\t\t\t\t  \t\t\t\t\t<\/div>\n          \t\t\t\t\t<div class=\"box-text text-center\" >\n\t\t\t\t\t<div class=\"box-text-inner blog-post-inner\">\n\n\t\t\t\t\t\n\t\t\t\t\t\t\t\t\t\t<h5 class=\"post-title is-large \">Plaveck\u00fd castle \u2013 Reconstruction 2023<\/h5>\n\t\t\t\t\t\t\t\t\t\t<div class=\"is-divider\"><\/div>\n\t\t\t\t\t\t\t\t\t\t<p class=\"from_the_blog_excerpt \">...\t\t\t\t\t<\/p>\n\t\t\t\t\t                    \n\t\t\t\t\t\n\t\t\t\t\t\n\t\t\t\t\t<\/div>\n\t\t\t\t\t<\/div>\n\t\t\t\t\t\t\t\t\t\t\t\t\t\t\t\t<div class=\"badge absolute top post-date badge-outline\">\n\t\t\t\t\t\t\t<div class=\"badge-inner\">\n\t\t\t\t\t\t\t\t<span class=\"post-date-day\">11<\/span><br>\n\t\t\t\t\t\t\t\t<span class=\"post-date-month is-xsmall\">Jun<\/span>\n\t\t\t\t\t\t\t<\/div>\n\t\t\t\t\t\t<\/div>\n\t\t\t\t\t\t\t\t\t<\/div>\n\t\t\t\t<\/a>\n\t\t\t<\/div>\n\t\t<\/div><div class=\"col post-item\" >\n\t\t\t<div class=\"col-inner\">\n\t\t\t<a href=\"https:\/\/www.plaveckyhrad.eu\/en\/plavecky-castle-reconstruction-2018\/\" class=\"plain\">\n\t\t\t\t<div class=\"box box-normal box-text-bottom box-blog-post has-hover\">\n            \t\t\t\t\t<div class=\"box-image\" >\n  \t\t\t\t\t\t<div class=\"image-cover\" style=\"padding-top:56.25%;\">\n  \t\t\t\t\t\t\t<img width=\"1000\" height=\"750\" src=\"https:\/\/www.plaveckyhrad.eu\/wp-content\/uploads\/Reconstruction-2018-03.jpg\" class=\"attachment-original size-original wp-post-image\" alt=\"\" decoding=\"async\" loading=\"lazy\" srcset=\"https:\/\/www.plaveckyhrad.eu\/wp-content\/uploads\/Reconstruction-2018-03.jpg 1000w, https:\/\/www.plaveckyhrad.eu\/wp-content\/uploads\/Reconstruction-2018-03-300x225.jpg 300w, https:\/\/www.plaveckyhrad.eu\/wp-content\/uploads\/Reconstruction-2018-03-768x576.jpg 768w\" sizes=\"(max-width: 1000px) 100vw, 1000px\" \/>  \t\t\t\t\t\t\t  \t\t\t\t\t\t\t  \t\t\t\t\t\t<\/div>\n  \t\t\t\t\t\t  \t\t\t\t\t<\/div>\n          \t\t\t\t\t<div class=\"box-text text-center\" >\n\t\t\t\t\t<div class=\"box-text-inner blog-post-inner\">\n\n\t\t\t\t\t\n\t\t\t\t\t\t\t\t\t\t<h5 class=\"post-title is-large \">Plaveck\u00fd castle &#8211; Reconstruction 2018<\/h5>\n\t\t\t\t\t\t\t\t\t\t<div class=\"is-divider\"><\/div>\n\t\t\t\t\t\t\t\t\t\t<p class=\"from_the_blog_excerpt \">Static reinforcement of restoration of the Plaveck\u00fd Castle project...\t\t\t\t\t<\/p>\n\t\t\t\t\t                    \n\t\t\t\t\t\n\t\t\t\t\t\n\t\t\t\t\t<\/div>\n\t\t\t\t\t<\/div>\n\t\t\t\t\t\t\t\t\t\t\t\t\t\t\t\t<div class=\"badge absolute top post-date badge-outline\">\n\t\t\t\t\t\t\t<div class=\"badge-inner\">\n\t\t\t\t\t\t\t\t<span class=\"post-date-day\">14<\/span><br>\n\t\t\t\t\t\t\t\t<span class=\"post-date-month is-xsmall\">Nov<\/span>\n\t\t\t\t\t\t\t<\/div>\n\t\t\t\t\t\t<\/div>\n\t\t\t\t\t\t\t\t\t<\/div>\n\t\t\t\t<\/a>\n\t\t\t<\/div>\n\t\t<\/div><div class=\"col post-item\" >\n\t\t\t<div class=\"col-inner\">\n\t\t\t<a href=\"https:\/\/www.plaveckyhrad.eu\/en\/plavecky-hrad-reconstruction-2017\/\" class=\"plain\">\n\t\t\t\t<div class=\"box box-normal box-text-bottom box-blog-post has-hover\">\n            \t\t\t\t\t<div class=\"box-image\" >\n  \t\t\t\t\t\t<div class=\"image-cover\" style=\"padding-top:56.25%;\">\n  \t\t\t\t\t\t\t<img width=\"1046\" height=\"583\" src=\"https:\/\/www.plaveckyhrad.eu\/wp-content\/uploads\/Reconstruction-2017-footprint-1.jpg\" class=\"attachment-original size-original wp-post-image\" alt=\"Reconstruction-2017-footprint\" decoding=\"async\" loading=\"lazy\" srcset=\"https:\/\/www.plaveckyhrad.eu\/wp-content\/uploads\/Reconstruction-2017-footprint-1.jpg 1046w, https:\/\/www.plaveckyhrad.eu\/wp-content\/uploads\/Reconstruction-2017-footprint-1-300x167.jpg 300w, https:\/\/www.plaveckyhrad.eu\/wp-content\/uploads\/Reconstruction-2017-footprint-1-1024x571.jpg 1024w, https:\/\/www.plaveckyhrad.eu\/wp-content\/uploads\/Reconstruction-2017-footprint-1-768x428.jpg 768w\" sizes=\"(max-width: 1046px) 100vw, 1046px\" \/>  \t\t\t\t\t\t\t  \t\t\t\t\t\t\t  \t\t\t\t\t\t<\/div>\n  \t\t\t\t\t\t  \t\t\t\t\t<\/div>\n          \t\t\t\t\t<div class=\"box-text text-center\" >\n\t\t\t\t\t<div class=\"box-text-inner blog-post-inner\">\n\n\t\t\t\t\t\n\t\t\t\t\t\t\t\t\t\t<h5 class=\"post-title is-large \">Plaveck\u00fd castle &#8211; Reconstruction 2017<\/h5>\n\t\t\t\t\t\t\t\t\t\t<div class=\"is-divider\"><\/div>\n\t\t\t\t\t\t\t\t\t\t<p class=\"from_the_blog_excerpt \">Static reinforcement of restoration of the Plaveck\u00fd Castle project, 1st stage 2013 was a ground-breaking...\t\t\t\t\t<\/p>\n\t\t\t\t\t                    \n\t\t\t\t\t\n\t\t\t\t\t\n\t\t\t\t\t<\/div>\n\t\t\t\t\t<\/div>\n\t\t\t\t\t\t\t\t\t\t\t\t\t\t\t\t<div class=\"badge absolute top post-date badge-outline\">\n\t\t\t\t\t\t\t<div class=\"badge-inner\">\n\t\t\t\t\t\t\t\t<span class=\"post-date-day\">14<\/span><br>\n\t\t\t\t\t\t\t\t<span class=\"post-date-month is-xsmall\">Nov<\/span>\n\t\t\t\t\t\t\t<\/div>\n\t\t\t\t\t\t<\/div>\n\t\t\t\t\t\t\t\t\t<\/div>\n\t\t\t\t<\/a>\n\t\t\t<\/div>\n\t\t<\/div><div class=\"col post-item\" >\n\t\t\t<div class=\"col-inner\">\n\t\t\t<a href=\"https:\/\/www.plaveckyhrad.eu\/en\/plavecky-castle-reconstruction-2022\/\" class=\"plain\">\n\t\t\t\t<div class=\"box box-normal box-text-bottom box-blog-post has-hover\">\n            \t\t\t\t\t<div class=\"box-image\" >\n  \t\t\t\t\t\t<div class=\"image-cover\" style=\"padding-top:56.25%;\">\n  \t\t\t\t\t\t\t<img width=\"1202\" height=\"996\" src=\"https:\/\/www.plaveckyhrad.eu\/wp-content\/uploads\/palac_strielna.jpeg\" class=\"attachment-original size-original wp-post-image\" alt=\"\" decoding=\"async\" loading=\"lazy\" srcset=\"https:\/\/www.plaveckyhrad.eu\/wp-content\/uploads\/palac_strielna.jpeg 1202w, https:\/\/www.plaveckyhrad.eu\/wp-content\/uploads\/palac_strielna-300x249.jpeg 300w, https:\/\/www.plaveckyhrad.eu\/wp-content\/uploads\/palac_strielna-1024x849.jpeg 1024w, https:\/\/www.plaveckyhrad.eu\/wp-content\/uploads\/palac_strielna-768x636.jpeg 768w\" sizes=\"(max-width: 1202px) 100vw, 1202px\" \/>  \t\t\t\t\t\t\t  \t\t\t\t\t\t\t  \t\t\t\t\t\t<\/div>\n  \t\t\t\t\t\t  \t\t\t\t\t<\/div>\n          \t\t\t\t\t<div class=\"box-text text-center\" >\n\t\t\t\t\t<div class=\"box-text-inner blog-post-inner\">\n\n\t\t\t\t\t\n\t\t\t\t\t\t\t\t\t\t<h5 class=\"post-title is-large \">Plaveck\u00fd castle &#8211; Reconstruction 2022<\/h5>\n\t\t\t\t\t\t\t\t\t\t<div class=\"is-divider\"><\/div>\n\t\t\t\t\t\t\t\t\t\t<p class=\"from_the_blog_excerpt \">...\t\t\t\t\t<\/p>\n\t\t\t\t\t                    \n\t\t\t\t\t\n\t\t\t\t\t\n\t\t\t\t\t<\/div>\n\t\t\t\t\t<\/div>\n\t\t\t\t\t\t\t\t\t\t\t\t\t\t\t\t<div class=\"badge absolute top post-date badge-outline\">\n\t\t\t\t\t\t\t<div class=\"badge-inner\">\n\t\t\t\t\t\t\t\t<span class=\"post-date-day\">11<\/span><br>\n\t\t\t\t\t\t\t\t<span class=\"post-date-month is-xsmall\">Nov<\/span>\n\t\t\t\t\t\t\t<\/div>\n\t\t\t\t\t\t<\/div>\n\t\t\t\t\t\t\t\t\t<\/div>\n\t\t\t\t<\/a>\n\t\t\t<\/div>\n\t\t<\/div><div class=\"col post-item\" >\n\t\t\t<div class=\"col-inner\">\n\t\t\t<a href=\"https:\/\/www.plaveckyhrad.eu\/en\/plavecky-castle-reconstruction-2021\/\" class=\"plain\">\n\t\t\t\t<div class=\"box box-normal box-text-bottom box-blog-post has-hover\">\n            \t\t\t\t\t<div class=\"box-image\" >\n  \t\t\t\t\t\t<div class=\"image-cover\" style=\"padding-top:56.25%;\">\n  \t\t\t\t\t\t\t<img width=\"1224\" height=\"1472\" src=\"https:\/\/www.plaveckyhrad.eu\/wp-content\/uploads\/porovananie_palacova_stena_interier.jpeg\" class=\"attachment-original size-original wp-post-image\" alt=\"\" decoding=\"async\" loading=\"lazy\" srcset=\"https:\/\/www.plaveckyhrad.eu\/wp-content\/uploads\/porovananie_palacova_stena_interier.jpeg 1224w, https:\/\/www.plaveckyhrad.eu\/wp-content\/uploads\/porovananie_palacova_stena_interier-249x300.jpeg 249w, https:\/\/www.plaveckyhrad.eu\/wp-content\/uploads\/porovananie_palacova_stena_interier-851x1024.jpeg 851w, https:\/\/www.plaveckyhrad.eu\/wp-content\/uploads\/porovananie_palacova_stena_interier-768x924.jpeg 768w\" sizes=\"(max-width: 1224px) 100vw, 1224px\" \/>  \t\t\t\t\t\t\t  \t\t\t\t\t\t\t  \t\t\t\t\t\t<\/div>\n  \t\t\t\t\t\t  \t\t\t\t\t<\/div>\n          \t\t\t\t\t<div class=\"box-text text-center\" >\n\t\t\t\t\t<div class=\"box-text-inner blog-post-inner\">\n\n\t\t\t\t\t\n\t\t\t\t\t\t\t\t\t\t<h5 class=\"post-title is-large \">Plaveck\u00fd castle &#8211; Reconstruction 2021<\/h5>\n\t\t\t\t\t\t\t\t\t\t<div class=\"is-divider\"><\/div>\n\t\t\t\t\t\t\t\t\t\t<p class=\"from_the_blog_excerpt \">...\t\t\t\t\t<\/p>\n\t\t\t\t\t                    \n\t\t\t\t\t\n\t\t\t\t\t\n\t\t\t\t\t<\/div>\n\t\t\t\t\t<\/div>\n\t\t\t\t\t\t\t\t\t\t\t\t\t\t\t\t<div class=\"badge absolute top post-date badge-outline\">\n\t\t\t\t\t\t\t<div class=\"badge-inner\">\n\t\t\t\t\t\t\t\t<span class=\"post-date-day\">11<\/span><br>\n\t\t\t\t\t\t\t\t<span class=\"post-date-month is-xsmall\">Nov<\/span>\n\t\t\t\t\t\t\t<\/div>\n\t\t\t\t\t\t<\/div>\n\t\t\t\t\t\t\t\t\t<\/div>\n\t\t\t\t<\/a>\n\t\t\t<\/div>\n\t\t<\/div><div class=\"col post-item\" >\n\t\t\t<div class=\"col-inner\">\n\t\t\t<a href=\"https:\/\/www.plaveckyhrad.eu\/en\/plavecky-castle-reconstruction-2016\/\" class=\"plain\">\n\t\t\t\t<div class=\"box box-normal box-text-bottom box-blog-post has-hover\">\n            \t\t\t\t\t<div class=\"box-image\" >\n  \t\t\t\t\t\t<div class=\"image-cover\" style=\"padding-top:56.25%;\">\n  \t\t\t\t\t\t\t<img width=\"1000\" height=\"750\" src=\"https:\/\/www.plaveckyhrad.eu\/wp-content\/uploads\/Plavecky-hrad-krasy-Slovenska-23.jpeg\" class=\"attachment-original size-original wp-post-image\" alt=\"\" decoding=\"async\" loading=\"lazy\" srcset=\"https:\/\/www.plaveckyhrad.eu\/wp-content\/uploads\/Plavecky-hrad-krasy-Slovenska-23.jpeg 1000w, https:\/\/www.plaveckyhrad.eu\/wp-content\/uploads\/Plavecky-hrad-krasy-Slovenska-23-300x225.jpeg 300w, https:\/\/www.plaveckyhrad.eu\/wp-content\/uploads\/Plavecky-hrad-krasy-Slovenska-23-768x576.jpeg 768w\" sizes=\"(max-width: 1000px) 100vw, 1000px\" \/>  \t\t\t\t\t\t\t  \t\t\t\t\t\t\t  \t\t\t\t\t\t<\/div>\n  \t\t\t\t\t\t  \t\t\t\t\t<\/div>\n          \t\t\t\t\t<div class=\"box-text text-center\" >\n\t\t\t\t\t<div class=\"box-text-inner blog-post-inner\">\n\n\t\t\t\t\t\n\t\t\t\t\t\t\t\t\t\t<h5 class=\"post-title is-large \">Plaveck\u00fd castle &#8211; Reconstruction 2016<\/h5>\n\t\t\t\t\t\t\t\t\t\t<div class=\"is-divider\"><\/div>\n\t\t\t\t\t\t\t\t\t\t<p class=\"from_the_blog_excerpt \">Project of the 1st stage of Plaveck\u00fd castle static reinforcement restoration. 2013 was a ground-breaking...\t\t\t\t\t<\/p>\n\t\t\t\t\t                    \n\t\t\t\t\t\n\t\t\t\t\t\n\t\t\t\t\t<\/div>\n\t\t\t\t\t<\/div>\n\t\t\t\t\t\t\t\t\t\t\t\t\t\t\t\t<div class=\"badge absolute top post-date badge-outline\">\n\t\t\t\t\t\t\t<div class=\"badge-inner\">\n\t\t\t\t\t\t\t\t<span class=\"post-date-day\">10<\/span><br>\n\t\t\t\t\t\t\t\t<span class=\"post-date-month is-xsmall\">Nov<\/span>\n\t\t\t\t\t\t\t<\/div>\n\t\t\t\t\t\t<\/div>\n\t\t\t\t\t\t\t\t\t<\/div>\n\t\t\t\t<\/a>\n\t\t\t<\/div>\n\t\t<\/div><div class=\"col post-item\" >\n\t\t\t<div class=\"col-inner\">\n\t\t\t<a href=\"https:\/\/www.plaveckyhrad.eu\/en\/plavecky-castle-reconstruction-2015\/\" class=\"plain\">\n\t\t\t\t<div class=\"box box-normal box-text-bottom box-blog-post has-hover\">\n            \t\t\t\t\t<div class=\"box-image\" >\n  \t\t\t\t\t\t<div class=\"image-cover\" style=\"padding-top:56.25%;\">\n  \t\t\t\t\t\t\t<img width=\"642\" height=\"411\" src=\"https:\/\/www.plaveckyhrad.eu\/wp-content\/uploads\/Plavecky-hrad-Rekonstrukcia-2015-1.png\" class=\"attachment-original size-original wp-post-image\" alt=\"\" decoding=\"async\" loading=\"lazy\" srcset=\"https:\/\/www.plaveckyhrad.eu\/wp-content\/uploads\/Plavecky-hrad-Rekonstrukcia-2015-1.png 642w, https:\/\/www.plaveckyhrad.eu\/wp-content\/uploads\/Plavecky-hrad-Rekonstrukcia-2015-1-300x192.png 300w\" sizes=\"(max-width: 642px) 100vw, 642px\" \/>  \t\t\t\t\t\t\t  \t\t\t\t\t\t\t  \t\t\t\t\t\t<\/div>\n  \t\t\t\t\t\t  \t\t\t\t\t<\/div>\n          \t\t\t\t\t<div class=\"box-text text-center\" >\n\t\t\t\t\t<div class=\"box-text-inner blog-post-inner\">\n\n\t\t\t\t\t\n\t\t\t\t\t\t\t\t\t\t<h5 class=\"post-title is-large \">Plaveck\u00fd castle &#8211; Reconstruction 2015<\/h5>\n\t\t\t\t\t\t\t\t\t\t<div class=\"is-divider\"><\/div>\n\t\t\t\t\t\t\t\t\t\t<p class=\"from_the_blog_excerpt \">Project of the 1st stage of Plaveck\u00fd castle static reinforcement restoration. 2013 was a ground-breaking...\t\t\t\t\t<\/p>\n\t\t\t\t\t                    \n\t\t\t\t\t\n\t\t\t\t\t\n\t\t\t\t\t<\/div>\n\t\t\t\t\t<\/div>\n\t\t\t\t\t\t\t\t\t\t\t\t\t\t\t\t<div class=\"badge absolute top post-date badge-outline\">\n\t\t\t\t\t\t\t<div class=\"badge-inner\">\n\t\t\t\t\t\t\t\t<span class=\"post-date-day\">10<\/span><br>\n\t\t\t\t\t\t\t\t<span class=\"post-date-month is-xsmall\">Nov<\/span>\n\t\t\t\t\t\t\t<\/div>\n\t\t\t\t\t\t<\/div>\n\t\t\t\t\t\t\t\t\t<\/div>\n\t\t\t\t<\/a>\n\t\t\t<\/div>\n\t\t<\/div><div class=\"col post-item\" >\n\t\t\t<div class=\"col-inner\">\n\t\t\t<a href=\"https:\/\/www.plaveckyhrad.eu\/en\/plavecky-castle-reconstruction-2014\/\" class=\"plain\">\n\t\t\t\t<div class=\"box box-normal box-text-bottom box-blog-post has-hover\">\n            \t\t\t\t\t<div class=\"box-image\" >\n  \t\t\t\t\t\t<div class=\"image-cover\" style=\"padding-top:56.25%;\">\n  \t\t\t\t\t\t\t<img width=\"577\" height=\"484\" src=\"https:\/\/www.plaveckyhrad.eu\/wp-content\/uploads\/Plavecky-hrad-Rekonstrukcia-2014-1.jpeg\" class=\"attachment-original size-original wp-post-image\" alt=\"\" decoding=\"async\" loading=\"lazy\" srcset=\"https:\/\/www.plaveckyhrad.eu\/wp-content\/uploads\/Plavecky-hrad-Rekonstrukcia-2014-1.jpeg 577w, https:\/\/www.plaveckyhrad.eu\/wp-content\/uploads\/Plavecky-hrad-Rekonstrukcia-2014-1-300x252.jpeg 300w\" sizes=\"(max-width: 577px) 100vw, 577px\" \/>  \t\t\t\t\t\t\t  \t\t\t\t\t\t\t  \t\t\t\t\t\t<\/div>\n  \t\t\t\t\t\t  \t\t\t\t\t<\/div>\n          \t\t\t\t\t<div class=\"box-text text-center\" >\n\t\t\t\t\t<div class=\"box-text-inner blog-post-inner\">\n\n\t\t\t\t\t\n\t\t\t\t\t\t\t\t\t\t<h5 class=\"post-title is-large \">Plaveck\u00fd castle &#8211; Reconstruction 2014<\/h5>\n\t\t\t\t\t\t\t\t\t\t<div class=\"is-divider\"><\/div>\n\t\t\t\t\t\t\t\t\t\t<p class=\"from_the_blog_excerpt \">Reinforcement activities of the selected objects of Plaveck\u00fd Castle 2014 Total view at Gate Tower...\t\t\t\t\t<\/p>\n\t\t\t\t\t                    \n\t\t\t\t\t\n\t\t\t\t\t\n\t\t\t\t\t<\/div>\n\t\t\t\t\t<\/div>\n\t\t\t\t\t\t\t\t\t\t\t\t\t\t\t\t<div class=\"badge absolute top post-date badge-outline\">\n\t\t\t\t\t\t\t<div class=\"badge-inner\">\n\t\t\t\t\t\t\t\t<span class=\"post-date-day\">10<\/span><br>\n\t\t\t\t\t\t\t\t<span class=\"post-date-month is-xsmall\">Nov<\/span>\n\t\t\t\t\t\t\t<\/div>\n\t\t\t\t\t\t<\/div>\n\t\t\t\t\t\t\t\t\t<\/div>\n\t\t\t\t<\/a>\n\t\t\t<\/div>\n\t\t<\/div><\/div>\n\t\t<\/div>\n\n\t\t\n<style>\n#section_362944392 {\n  padding-top: 30px;\n  padding-bottom: 30px;\n}\n#section_362944392 .ux-shape-divider--top svg {\n  height: 150px;\n  --divider-top-width: 100%;\n}\n#section_362944392 .ux-shape-divider--bottom svg {\n  height: 150px;\n  --divider-width: 100%;\n}\n<\/style>\n\t<\/section>\n\t\n","protected":false},"excerpt":{"rendered":"","protected":false},"author":1,"featured_media":0,"parent":0,"menu_order":0,"comment_status":"closed","ping_status":"closed","template":"page-transparent-header.php","meta":[],"yoast_head":"<!-- This site is optimized with the Yoast SEO plugin v19.14 - https:\/\/yoast.com\/wordpress\/plugins\/seo\/ -->\n<title>Activity - Plaveck\u00fd Hrad<\/title>\n<meta name=\"robots\" content=\"index, follow, max-snippet:-1, max-image-preview:large, max-video-preview:-1\" \/>\n<link rel=\"canonical\" href=\"https:\/\/www.plaveckyhrad.eu\/en\/activity\/\" \/>\n<meta property=\"og:locale\" content=\"en_US\" \/>\n<meta property=\"og:type\" content=\"article\" \/>\n<meta property=\"og:title\" content=\"Activity - Plaveck\u00fd Hrad\" \/>\n<meta property=\"og:url\" content=\"https:\/\/www.plaveckyhrad.eu\/en\/activity\/\" \/>\n<meta property=\"og:site_name\" content=\"Plaveck\u00fd Hrad\" \/>\n<meta property=\"article:modified_time\" content=\"2023-01-11T14:14:06+00:00\" \/>\n<meta name=\"twitter:card\" content=\"summary_large_image\" \/>\n<script type=\"application\/ld+json\" class=\"yoast-schema-graph\">{\"@context\":\"https:\/\/schema.org\",\"@graph\":[{\"@type\":\"WebPage\",\"@id\":\"https:\/\/www.plaveckyhrad.eu\/en\/activity\/\",\"url\":\"https:\/\/www.plaveckyhrad.eu\/en\/activity\/\",\"name\":\"Activity - Plaveck\u00fd Hrad\",\"isPartOf\":{\"@id\":\"https:\/\/www.plaveckyhrad.eu\/en\/#website\"},\"datePublished\":\"2022-11-10T10:07:46+00:00\",\"dateModified\":\"2023-01-11T14:14:06+00:00\",\"breadcrumb\":{\"@id\":\"https:\/\/www.plaveckyhrad.eu\/en\/activity\/#breadcrumb\"},\"inLanguage\":\"en-US\",\"potentialAction\":[{\"@type\":\"ReadAction\",\"target\":[\"https:\/\/www.plaveckyhrad.eu\/en\/activity\/\"]}]},{\"@type\":\"BreadcrumbList\",\"@id\":\"https:\/\/www.plaveckyhrad.eu\/en\/activity\/#breadcrumb\",\"itemListElement\":[{\"@type\":\"ListItem\",\"position\":1,\"name\":\"Home\",\"item\":\"https:\/\/www.plaveckyhrad.eu\/en\/home\/\"},{\"@type\":\"ListItem\",\"position\":2,\"name\":\"Activity\"}]},{\"@type\":\"WebSite\",\"@id\":\"https:\/\/www.plaveckyhrad.eu\/en\/#website\",\"url\":\"https:\/\/www.plaveckyhrad.eu\/en\/\",\"name\":\"Plaveck\u00fd Hrad\",\"description\":\"Pr\u00ed\u010fte si vychutna\u0165 kr\u00e1su a dedi\u010dstvo na Plaveckom hrade\",\"potentialAction\":[{\"@type\":\"SearchAction\",\"target\":{\"@type\":\"EntryPoint\",\"urlTemplate\":\"https:\/\/www.plaveckyhrad.eu\/en\/?s={search_term_string}\"},\"query-input\":\"required name=search_term_string\"}],\"inLanguage\":\"en-US\"}]}<\/script>\n<!-- \/ Yoast SEO plugin. -->","yoast_head_json":{"title":"Activity - Plaveck\u00fd Hrad","robots":{"index":"index","follow":"follow","max-snippet":"max-snippet:-1","max-image-preview":"max-image-preview:large","max-video-preview":"max-video-preview:-1"},"canonical":"https:\/\/www.plaveckyhrad.eu\/en\/activity\/","og_locale":"en_US","og_type":"article","og_title":"Activity - Plaveck\u00fd Hrad","og_url":"https:\/\/www.plaveckyhrad.eu\/en\/activity\/","og_site_name":"Plaveck\u00fd Hrad","article_modified_time":"2023-01-11T14:14:06+00:00","twitter_card":"summary_large_image","schema":{"@context":"https:\/\/schema.org","@graph":[{"@type":"WebPage","@id":"https:\/\/www.plaveckyhrad.eu\/en\/activity\/","url":"https:\/\/www.plaveckyhrad.eu\/en\/activity\/","name":"Activity - Plaveck\u00fd Hrad","isPartOf":{"@id":"https:\/\/www.plaveckyhrad.eu\/en\/#website"},"datePublished":"2022-11-10T10:07:46+00:00","dateModified":"2023-01-11T14:14:06+00:00","breadcrumb":{"@id":"https:\/\/www.plaveckyhrad.eu\/en\/activity\/#breadcrumb"},"inLanguage":"en-US","potentialAction":[{"@type":"ReadAction","target":["https:\/\/www.plaveckyhrad.eu\/en\/activity\/"]}]},{"@type":"BreadcrumbList","@id":"https:\/\/www.plaveckyhrad.eu\/en\/activity\/#breadcrumb","itemListElement":[{"@type":"ListItem","position":1,"name":"Home","item":"https:\/\/www.plaveckyhrad.eu\/en\/home\/"},{"@type":"ListItem","position":2,"name":"Activity"}]},{"@type":"WebSite","@id":"https:\/\/www.plaveckyhrad.eu\/en\/#website","url":"https:\/\/www.plaveckyhrad.eu\/en\/","name":"Plaveck\u00fd Hrad","description":"Pr\u00ed\u010fte si vychutna\u0165 kr\u00e1su a dedi\u010dstvo na Plaveckom hrade","potentialAction":[{"@type":"SearchAction","target":{"@type":"EntryPoint","urlTemplate":"https:\/\/www.plaveckyhrad.eu\/en\/?s={search_term_string}"},"query-input":"required name=search_term_string"}],"inLanguage":"en-US"}]}},"_links":{"self":[{"href":"https:\/\/www.plaveckyhrad.eu\/en\/wp-json\/wp\/v2\/pages\/1147"}],"collection":[{"href":"https:\/\/www.plaveckyhrad.eu\/en\/wp-json\/wp\/v2\/pages"}],"about":[{"href":"https:\/\/www.plaveckyhrad.eu\/en\/wp-json\/wp\/v2\/types\/page"}],"author":[{"embeddable":true,"href":"https:\/\/www.plaveckyhrad.eu\/en\/wp-json\/wp\/v2\/users\/1"}],"replies":[{"embeddable":true,"href":"https:\/\/www.plaveckyhrad.eu\/en\/wp-json\/wp\/v2\/comments?post=1147"}],"version-history":[{"count":17,"href":"https:\/\/www.plaveckyhrad.eu\/en\/wp-json\/wp\/v2\/pages\/1147\/revisions"}],"predecessor-version":[{"id":1915,"href":"https:\/\/www.plaveckyhrad.eu\/en\/wp-json\/wp\/v2\/pages\/1147\/revisions\/1915"}],"wp:attachment":[{"href":"https:\/\/www.plaveckyhrad.eu\/en\/wp-json\/wp\/v2\/media?parent=1147"}],"curies":[{"name":"wp","href":"https:\/\/api.w.org\/{rel}","templated":true}]}}